{"id":7,"date":"2022-07-28T18:19:36","date_gmt":"2022-07-28T16:19:36","guid":{"rendered":"https:\/\/einsteins.ku.de\/archiv\/?page_id=7"},"modified":"2023-07-14T17:06:26","modified_gmt":"2023-07-14T15:06:26","slug":"ueber","status":"publish","type":"page","link":"https:\/\/einsteins.ku.de\/archiv\/ueber","title":{"rendered":"\u00dcber das Magazin einsteins."},"content":{"rendered":"\n<p><strong>einsteins.<\/strong> ist ein multimediales Magazin. In jedem Sommer produziert das vierte Semester Bachelor der <a rel=\"noreferrer noopener\" href=\"https:\/\/www.ku.de\/slf\/journalistik\" data-type=\"URL\" data-id=\"https:\/\/www.ku.de\/slf\/journalistik\" target=\"_blank\">Journalistik an der Katholischen Universit\u00e4t Eichst\u00e4tt-Ingolstadt<\/a> das <strong>einsteins.<\/strong>magazin zu einem neuen Thema. <\/p>\n\n\n\n<hr class=\"wp-block-separator has-alpha-channel-opacity\"\/>\n\n\n\n<h2 class=\"wp-block-heading\">Wie kam es zu einsteins?<\/h2>\n\n\n\n<p>Diese Frage beantwortet der Initiator und langj\u00e4hrige Leiter der einsteins-Redaktion <strong>Prof. Dr. Walter H\u00f6mberg<\/strong> in einsteins.2020:<\/p>\n\n\n<div class=\"wp-block-image\">\n<figure class=\"alignleft size-large is-resized\"><img decoding=\"async\" src=\"https:\/\/einsteins.ku.de\/archiv\/wp-content\/uploads\/2023\/07\/20171208-IMG_5212.jpg-Portraet-WH-von-Klenk-2017-1024x683.jpg\" alt=\"\" class=\"wp-image-892\" width=\"256\" height=\"171\" srcset=\"https:\/\/einsteins.ku.de\/archiv\/wp-content\/uploads\/2023\/07\/20171208-IMG_5212.jpg-Portraet-WH-von-Klenk-2017-1024x683.jpg 1024w, https:\/\/einsteins.ku.de\/archiv\/wp-content\/uploads\/2023\/07\/20171208-IMG_5212.jpg-Portraet-WH-von-Klenk-2017-300x200.jpg 300w, https:\/\/einsteins.ku.de\/archiv\/wp-content\/uploads\/2023\/07\/20171208-IMG_5212.jpg-Portraet-WH-von-Klenk-2017-768x512.jpg 768w, https:\/\/einsteins.ku.de\/archiv\/wp-content\/uploads\/2023\/07\/20171208-IMG_5212.jpg-Portraet-WH-von-Klenk-2017-1536x1024.jpg 1536w, https:\/\/einsteins.ku.de\/archiv\/wp-content\/uploads\/2023\/07\/20171208-IMG_5212.jpg-Portraet-WH-von-Klenk-2017-2048x1365.jpg 2048w\" sizes=\"(max-width: 256px) 100vw, 256px\" \/><\/figure>\n<\/div>\n\n\n<p><em>Ich bin 1988 auf den Lehrstuhl f\u00fcr Journalistik nach Eichst\u00e4tt berufen worden. Damals war der Studiengang noch im Aufbau, die wissenschaftlich-theoretische und die praktische Ausbildung liefen nebeneinander her. Ein Schwerpunkt war damals der Lokaljournalismus. Ich&nbsp;hab&nbsp;mich gefragt, warum sollte man nicht die wissenschaftliche Besch\u00e4ftigung mit diesem M\u00e9tier verkn\u00fcpfen, der journalistischen T\u00e4tigkeit. Da schien mir eine Zeitschrift besonders als Medium geeignet.&nbsp;<\/em><\/p>\n\n\n\n<p><em>Hier k\u00f6nnen die Studierenden alle Produktionsschritte kennenlernen, von der Konzeption und Themenfindung, \u00fcber die Recherche und Umsetzung bis zur Illustration und optischen Realisierung. Auch Finanzierung und Vertrieb spielen eine gro\u00dfe&nbsp;Rolle.&nbsp;<\/em><\/p>\n\n\n\n<p><em>Und deshalb haben wir dann 1991&nbsp;in einer Lehrveranstaltung zum Lokaljournalismus einen Start versucht. Die erste Ausgabe besch\u00e4ftigte sich mit dem Thema Wissenschaft und die n\u00e4chsten Ausgaben mit Themen wie \u00d6kologie, Medien, Kultur und Wirtschaft. Und zwar alles in der Region, weil der Ausgangspunkt eben der Lokaljournalismus war. Die ersten f\u00fcnf Ausgaben haben einen regionalen&nbsp;Bezug.&nbsp;<\/em><\/p>\n\n\n\n<p>Das ausf\u00fchrliche Interview und die Antwort auf die Frage, welches Magazin-Cover der gr\u00f6\u00dfe Flop war, gibt es in <a href=\"https:\/\/einsteins.ku.de\/2020\/30-jahre-einsteins\/#interview-hoemberg\">einsteins.2020<\/a>.<\/p>\n\n\n\n<hr class=\"wp-block-separator has-alpha-channel-opacity\"\/>\n\n\n\n<h2 class=\"wp-block-heading\">einsteins.tv als Dachmarkensendung<\/h2>\n\n\n\n<p>Wie es zur TV-Sendung einsteins kam, erz\u00e4hlt Dozentin <a href=\"https:\/\/einsteins.ku.de\/2020\/30-jahre-einsteins\/#interview-petek\">Dr. Michaela Petek im Interview<\/a> mit einsteins.2020.<\/p>\n\n\n\n<figure class=\"wp-block-video\"><video height=\"1080\" style=\"aspect-ratio: 1920 \/ 1080;\" width=\"1920\" controls poster=\"https:\/\/einsteins.ku.de\/archiv\/wp-content\/uploads\/2023\/07\/michaela-petek-interview-einsteins.png\" src=\"https:\/\/einsteins.ku.de\/archiv\/wp-content\/uploads\/2023\/07\/15-Jahre-einsteins-tv_Trim.mp4\"><\/video><\/figure>\n\n\n\n<hr class=\"wp-block-separator has-alpha-channel-opacity\"\/>\n\n\n\n<h2 class=\"wp-block-heading\">Wissenschaftliche Perspektive auf einsteins<\/h2>\n\n\n\n<p>Anl\u00e4sslich es 20. Jubil\u00e4ums von einsteins ver\u00f6ffentlichen Walter H\u00f6mberg und Christian Klenk eine wissenschaftliche Einordnung zu einsteins unter dem Titel <a rel=\"noreferrer noopener\" href=\"https:\/\/einsteins.ku.de\/archiv\/wp-content\/uploads\/2023\/07\/Einsteins_Didaktik-der-Journalistik.pdf\" target=\"_blank\">20 Jahre Einsteins: Von der Zeitschrift zur crossmedialen Publikation<\/a>.<\/p>\n\n\n\n<hr class=\"wp-block-separator has-alpha-channel-opacity\"\/>\n\n\n\n<p><strong>einsteins.<\/strong> ist auch in den sozialen Netzwerken vertreten: Auf <a rel=\"noreferrer noopener\" href=\"https:\/\/www.facebook.com\/einsteinsmagazin\" target=\"_blank\">Facebook<\/a>, <a rel=\"noreferrer noopener\" href=\"https:\/\/twitter.com\/einsteins?lang=de\" target=\"_blank\">Twitter<\/a>,&nbsp;<a rel=\"noreferrer noopener\" href=\"https:\/\/www.instagram.com\/einsteinsmagazin\/\" target=\"_blank\">Instagram<\/a>&nbsp;und&nbsp;k\u00f6nnt Ihr hinter die Kulissen blicken und uns Eure Meinung mitteilen.<\/p>\n\n\n\n<p>Mehr Informationen zum Journalistik-Studium gibt es auf <a rel=\"noreferrer noopener\" href=\"https:\/\/www.ku.de\/studienangebot\/journalistik-ba\" target=\"_blank\">ku.de<\/a><\/p>\n","protected":false},"excerpt":{"rendered":"<p>einsteins. ist ein multimediales Magazin. In jedem Sommer produziert das vierte Semester Bachelor der Journalistik an der Katholischen Universit\u00e4t Eichst\u00e4tt-Ingolstadt das einsteins.magazin zu einem neuen Thema. Wie kam es zu einsteins? Diese Frage beantwortet der Initiator und langj\u00e4hrige Leiter der einsteins-Redaktion Prof. Dr. Walter H\u00f6mberg in einsteins.2020: Ich bin 1988 auf den Lehrstuhl f\u00fcr Journalistik [&hellip;]<\/p>\n","protected":false},"author":1,"featured_media":0,"parent":0,"menu_order":0,"comment_status":"closed","ping_status":"closed","template":"","meta":{"_acf_changed":false,"footnotes":""},"class_list":["post-7","page","type-page","status-publish","hentry"],"acf":[],"yoast_head":"<!-- This site is optimized with the Yoast SEO plugin v27.5 - https:\/\/yoast.com\/product\/yoast-seo-wordpress\/ -->\n<title>\u00dcber das Magazin einsteins. - einsteins.archiv<\/title>\n<meta name=\"robots\" content=\"index, follow, max-snippet:-1, max-image-preview:large, max-video-preview:-1\" \/>\n<link rel=\"canonical\" href=\"https:\/\/einsteins.ku.de\/archiv\/ueber\" \/>\n<meta property=\"og:locale\" content=\"de_DE\" \/>\n<meta property=\"og:type\" content=\"article\" \/>\n<meta property=\"og:title\" content=\"\u00dcber das Magazin einsteins. - einsteins.archiv\" \/>\n<meta property=\"og:description\" content=\"einsteins. ist ein multimediales Magazin. In jedem Sommer produziert das vierte Semester Bachelor der Journalistik an der Katholischen Universit\u00e4t Eichst\u00e4tt-Ingolstadt das einsteins.magazin zu einem neuen Thema. Wie kam es zu einsteins? Diese Frage beantwortet der Initiator und langj\u00e4hrige Leiter der einsteins-Redaktion Prof. Dr. Walter H\u00f6mberg in einsteins.2020: Ich bin 1988 auf den Lehrstuhl f\u00fcr Journalistik [&hellip;]\" \/>\n<meta property=\"og:url\" content=\"https:\/\/einsteins.ku.de\/archiv\/ueber\" \/>\n<meta property=\"og:site_name\" content=\"einsteins.archiv\" \/>\n<meta property=\"article:modified_time\" content=\"2023-07-14T15:06:26+00:00\" \/>\n<meta property=\"og:image\" content=\"https:\/\/einsteins.ku.de\/archiv\/wp-content\/uploads\/2023\/07\/20171208-IMG_5212.jpg-Portraet-WH-von-Klenk-2017-1024x683.jpg\" \/>\n<meta name=\"twitter:card\" content=\"summary_large_image\" \/>\n<meta name=\"twitter:label1\" content=\"Gesch\u00e4tzte Lesezeit\" \/>\n\t<meta name=\"twitter:data1\" content=\"2\u00a0Minuten\" \/>\n<script type=\"application\/ld+json\" class=\"yoast-schema-graph\">{\"@context\":\"https:\\\/\\\/schema.org\",\"@graph\":[{\"@type\":\"WebPage\",\"@id\":\"https:\\\/\\\/einsteins.ku.de\\\/archiv\\\/ueber\",\"url\":\"https:\\\/\\\/einsteins.ku.de\\\/archiv\\\/ueber\",\"name\":\"\u00dcber das Magazin einsteins. - einsteins.archiv\",\"isPartOf\":{\"@id\":\"https:\\\/\\\/einsteins.ku.de\\\/archiv\\\/#website\"},\"primaryImageOfPage\":{\"@id\":\"https:\\\/\\\/einsteins.ku.de\\\/archiv\\\/ueber#primaryimage\"},\"image\":{\"@id\":\"https:\\\/\\\/einsteins.ku.de\\\/archiv\\\/ueber#primaryimage\"},\"thumbnailUrl\":\"https:\\\/\\\/einsteins.ku.de\\\/archiv\\\/wp-content\\\/uploads\\\/2023\\\/07\\\/20171208-IMG_5212.jpg-Portraet-WH-von-Klenk-2017-1024x683.jpg\",\"datePublished\":\"2022-07-28T16:19:36+00:00\",\"dateModified\":\"2023-07-14T15:06:26+00:00\",\"breadcrumb\":{\"@id\":\"https:\\\/\\\/einsteins.ku.de\\\/archiv\\\/ueber#breadcrumb\"},\"inLanguage\":\"de\",\"potentialAction\":[{\"@type\":\"ReadAction\",\"target\":[\"https:\\\/\\\/einsteins.ku.de\\\/archiv\\\/ueber\"]}]},{\"@type\":\"ImageObject\",\"inLanguage\":\"de\",\"@id\":\"https:\\\/\\\/einsteins.ku.de\\\/archiv\\\/ueber#primaryimage\",\"url\":\"https:\\\/\\\/einsteins.ku.de\\\/archiv\\\/wp-content\\\/uploads\\\/2023\\\/07\\\/20171208-IMG_5212.jpg-Portraet-WH-von-Klenk-2017-scaled.jpg\",\"contentUrl\":\"https:\\\/\\\/einsteins.ku.de\\\/archiv\\\/wp-content\\\/uploads\\\/2023\\\/07\\\/20171208-IMG_5212.jpg-Portraet-WH-von-Klenk-2017-scaled.jpg\",\"width\":2560,\"height\":1707},{\"@type\":\"BreadcrumbList\",\"@id\":\"https:\\\/\\\/einsteins.ku.de\\\/archiv\\\/ueber#breadcrumb\",\"itemListElement\":[{\"@type\":\"ListItem\",\"position\":1,\"name\":\"Startseite\",\"item\":\"https:\\\/\\\/einsteins.ku.de\\\/archiv\\\/\"},{\"@type\":\"ListItem\",\"position\":2,\"name\":\"\u00dcber das Magazin einsteins.\"}]},{\"@type\":\"WebSite\",\"@id\":\"https:\\\/\\\/einsteins.ku.de\\\/archiv\\\/#website\",\"url\":\"https:\\\/\\\/einsteins.ku.de\\\/archiv\\\/\",\"name\":\"einsteins.archiv\",\"description\":\"Magazin der Journalistik an der KU Eichst\u00e4tt\",\"potentialAction\":[{\"@type\":\"SearchAction\",\"target\":{\"@type\":\"EntryPoint\",\"urlTemplate\":\"https:\\\/\\\/einsteins.ku.de\\\/archiv\\\/?s={search_term_string}\"},\"query-input\":{\"@type\":\"PropertyValueSpecification\",\"valueRequired\":true,\"valueName\":\"search_term_string\"}}],\"inLanguage\":\"de\"}]}<\/script>\n<!-- \/ Yoast SEO plugin. -->","yoast_head_json":{"title":"\u00dcber das Magazin einsteins. - einsteins.archiv","robots":{"index":"index","follow":"follow","max-snippet":"max-snippet:-1","max-image-preview":"max-image-preview:large","max-video-preview":"max-video-preview:-1"},"canonical":"https:\/\/einsteins.ku.de\/archiv\/ueber","og_locale":"de_DE","og_type":"article","og_title":"\u00dcber das Magazin einsteins. - einsteins.archiv","og_description":"einsteins. ist ein multimediales Magazin. In jedem Sommer produziert das vierte Semester Bachelor der Journalistik an der Katholischen Universit\u00e4t Eichst\u00e4tt-Ingolstadt das einsteins.magazin zu einem neuen Thema. Wie kam es zu einsteins? Diese Frage beantwortet der Initiator und langj\u00e4hrige Leiter der einsteins-Redaktion Prof. Dr. Walter H\u00f6mberg in einsteins.2020: Ich bin 1988 auf den Lehrstuhl f\u00fcr Journalistik [&hellip;]","og_url":"https:\/\/einsteins.ku.de\/archiv\/ueber","og_site_name":"einsteins.archiv","article_modified_time":"2023-07-14T15:06:26+00:00","og_image":[{"url":"https:\/\/einsteins.ku.de\/archiv\/wp-content\/uploads\/2023\/07\/20171208-IMG_5212.jpg-Portraet-WH-von-Klenk-2017-1024x683.jpg","type":"","width":"","height":""}],"twitter_card":"summary_large_image","twitter_misc":{"Gesch\u00e4tzte Lesezeit":"2\u00a0Minuten"},"schema":{"@context":"https:\/\/schema.org","@graph":[{"@type":"WebPage","@id":"https:\/\/einsteins.ku.de\/archiv\/ueber","url":"https:\/\/einsteins.ku.de\/archiv\/ueber","name":"\u00dcber das Magazin einsteins. - einsteins.archiv","isPartOf":{"@id":"https:\/\/einsteins.ku.de\/archiv\/#website"},"primaryImageOfPage":{"@id":"https:\/\/einsteins.ku.de\/archiv\/ueber#primaryimage"},"image":{"@id":"https:\/\/einsteins.ku.de\/archiv\/ueber#primaryimage"},"thumbnailUrl":"https:\/\/einsteins.ku.de\/archiv\/wp-content\/uploads\/2023\/07\/20171208-IMG_5212.jpg-Portraet-WH-von-Klenk-2017-1024x683.jpg","datePublished":"2022-07-28T16:19:36+00:00","dateModified":"2023-07-14T15:06:26+00:00","breadcrumb":{"@id":"https:\/\/einsteins.ku.de\/archiv\/ueber#breadcrumb"},"inLanguage":"de","potentialAction":[{"@type":"ReadAction","target":["https:\/\/einsteins.ku.de\/archiv\/ueber"]}]},{"@type":"ImageObject","inLanguage":"de","@id":"https:\/\/einsteins.ku.de\/archiv\/ueber#primaryimage","url":"https:\/\/einsteins.ku.de\/archiv\/wp-content\/uploads\/2023\/07\/20171208-IMG_5212.jpg-Portraet-WH-von-Klenk-2017-scaled.jpg","contentUrl":"https:\/\/einsteins.ku.de\/archiv\/wp-content\/uploads\/2023\/07\/20171208-IMG_5212.jpg-Portraet-WH-von-Klenk-2017-scaled.jpg","width":2560,"height":1707},{"@type":"BreadcrumbList","@id":"https:\/\/einsteins.ku.de\/archiv\/ueber#breadcrumb","itemListElement":[{"@type":"ListItem","position":1,"name":"Startseite","item":"https:\/\/einsteins.ku.de\/archiv\/"},{"@type":"ListItem","position":2,"name":"\u00dcber das Magazin einsteins."}]},{"@type":"WebSite","@id":"https:\/\/einsteins.ku.de\/archiv\/#website","url":"https:\/\/einsteins.ku.de\/archiv\/","name":"einsteins.archiv","description":"Magazin der Journalistik an der KU Eichst\u00e4tt","potentialAction":[{"@type":"SearchAction","target":{"@type":"EntryPoint","urlTemplate":"https:\/\/einsteins.ku.de\/archiv\/?s={search_term_string}"},"query-input":{"@type":"PropertyValueSpecification","valueRequired":true,"valueName":"search_term_string"}}],"inLanguage":"de"}]}},"_links":{"self":[{"href":"https:\/\/einsteins.ku.de\/archiv\/wp-json\/wp\/v2\/pages\/7","targetHints":{"allow":["GET"]}}],"collection":[{"href":"https:\/\/einsteins.ku.de\/archiv\/wp-json\/wp\/v2\/pages"}],"about":[{"href":"https:\/\/einsteins.ku.de\/archiv\/wp-json\/wp\/v2\/types\/page"}],"author":[{"embeddable":true,"href":"https:\/\/einsteins.ku.de\/archiv\/wp-json\/wp\/v2\/users\/1"}],"replies":[{"embeddable":true,"href":"https:\/\/einsteins.ku.de\/archiv\/wp-json\/wp\/v2\/comments?post=7"}],"version-history":[{"count":36,"href":"https:\/\/einsteins.ku.de\/archiv\/wp-json\/wp\/v2\/pages\/7\/revisions"}],"predecessor-version":[{"id":946,"href":"https:\/\/einsteins.ku.de\/archiv\/wp-json\/wp\/v2\/pages\/7\/revisions\/946"}],"wp:attachment":[{"href":"https:\/\/einsteins.ku.de\/archiv\/wp-json\/wp\/v2\/media?parent=7"}],"curies":[{"name":"wp","href":"https:\/\/api.w.org\/{rel}","templated":true}]}}